{"id":3516,"date":"2024-07-19T13:52:53","date_gmt":"2024-07-19T11:52:53","guid":{"rendered":"https:\/\/entwicklung.kraemer-druck.de\/?page_id=3516"},"modified":"2026-08-20T11:49:12","modified_gmt":"2026-08-20T09:49:12","slug":"nachhaltigkeit","status":"publish","type":"page","link":"https:\/\/www.kraemer-druck.de\/en\/nachhaltigkeit\/","title":{"rendered":"Sustainability"},"content":{"rendered":"\t\t<div data-elementor-type=\"wp-page\" data-elementor-id=\"3516\" class=\"elementor elementor-3516\" data-elementor-post-type=\"page\">\n\t\t\t\t<div class=\"elementor-element elementor-element-33c1da8f e-flex e-con-boxed e-con e-parent\" data-id=\"33c1da8f\" data-element_type=\"container\" data-e-type=\"container\" id=\"header\" data-settings=\"{&quot;background_background&quot;:&quot;classic&quot;,&quot;background_motion_fx_motion_fx_scrolling&quot;:&quot;yes&quot;,&quot;background_motion_fx_translateY_effect&quot;:&quot;yes&quot;,&quot;background_motion_fx_translateY_direction&quot;:&quot;negative&quot;,&quot;background_motion_fx_translateY_speed&quot;:{&quot;unit&quot;:&quot;px&quot;,&quot;size&quot;:5.6,&quot;sizes&quot;:[]},&quot;background_motion_fx_translateY_affectedRange&quot;:{&quot;unit&quot;:&quot;%&quot;,&quot;size&quot;:&quot;&quot;,&quot;sizes&quot;:{&quot;start&quot;:0,&quot;end&quot;:100}},&quot;background_motion_fx_devices&quot;:[&quot;desktop&quot;,&quot;tablet&quot;,&quot;mobile&quot;]}\">\n\t\t\t\t\t<div class=\"e-con-inner\">\n\t\t\t\t\t<\/div>\n\t\t\t\t<\/div>\n\t\t\t\t<section class=\"elementor-section elementor-top-section elementor-element elementor-element-2fbaf06d elementor-section-boxed elementor-section-height-default elementor-section-height-default\" data-id=\"2fbaf06d\" data-element_type=\"section\" data-e-type=\"section\">\n\t\t\t\t\t\t<div class=\"elementor-container elementor-column-gap-default\">\n\t\t\t\t\t<div class=\"elementor-column elementor-col-100 elementor-top-column elementor-element elementor-element-a978a02\" data-id=\"a978a02\" data-element_type=\"column\" data-e-type=\"column\">\n\t\t\t<div class=\"elementor-widget-wrap elementor-element-populated\">\n\t\t\t\t\t\t<div class=\"elementor-element elementor-element-3432b2eb elementor-align-left elementor-widget elementor-widget-breadcrumbs\" data-id=\"3432b2eb\" data-element_type=\"widget\" data-e-type=\"widget\" data-widget_type=\"breadcrumbs.default\">\n\t\t\t\t<div class=\"elementor-widget-container\">\n\t\t\t\t\t<p id=\"breadcrumbs\"><span><span><a href=\"https:\/\/www.kraemer-druck.de\/\">Startseite<\/a><\/span><\/span><\/p>\t\t\t\t<\/div>\n\t\t\t\t<\/div>\n\t\t\t\t\t<\/div>\n\t\t<\/div>\n\t\t\t\t\t<\/div>\n\t\t<\/section>\n\t\t<div class=\"elementor-element elementor-element-2f3d6da3 e-flex e-con-boxed e-con e-parent\" data-id=\"2f3d6da3\" data-element_type=\"container\" data-e-type=\"container\" id=\"header\">\n\t\t\t\t\t<div class=\"e-con-inner\">\n\t\t\t\t<div class=\"elementor-element elementor-element-3e7391ba elementor-widget elementor-widget-heading\" data-id=\"3e7391ba\" data-element_type=\"widget\" data-e-type=\"widget\" data-widget_type=\"heading.default\">\n\t\t\t\t<div class=\"elementor-widget-container\">\n\t\t\t\t\t<h2 class=\"elementor-heading-title elementor-size-default\">Nachhaltigkeit<\/h2>\t\t\t\t<\/div>\n\t\t\t\t<\/div>\n\t\t\t\t<div class=\"elementor-element elementor-element-72e00c5c elementor-widget elementor-widget-heading\" data-id=\"72e00c5c\" data-element_type=\"widget\" data-e-type=\"widget\" data-widget_type=\"heading.default\">\n\t\t\t\t<div class=\"elementor-widget-container\">\n\t\t\t\t\t<h1 class=\"elementor-heading-title elementor-size-default\">bei Kr\u00e4mer Druck<\/h1>\t\t\t\t<\/div>\n\t\t\t\t<\/div>\n\t\t\t\t<div class=\"elementor-element elementor-element-1a900cad elementor-widget elementor-widget-text-editor\" data-id=\"1a900cad\" data-element_type=\"widget\" data-e-type=\"widget\" data-widget_type=\"text-editor.default\">\n\t\t\t\t<div class=\"elementor-widget-container\">\n\t\t\t\t\t\t\t\t\t<p><strong>\u00d6KOLOGIE<\/strong> \/\/ Neben dem Ressourcenverbrauch ist der Energieverbrauch einer der gr\u00f6\u00dften Emissionsfaktoren unseres Unternehmens. Wir \u00fcberpr\u00fcfen unseren Produktionsprozess und die Wertsch\u00f6pfungsketten stetig auf Verbesserungs- und Einsparpotenzial. Dazu z\u00e4hlen auch unsere FSC- und PEFC-zertifizierten Papiere. Weitere Infos zu unseren zertifizierten Papieren finden Sie weiter unten auf dieser Seite.<\/p><p><strong>WIRTSCHAFTLICHE STABILIT\u00c4T<\/strong> \/\/ Von einem kleinen 30-Mann Druckbetrieb zu einem der f\u00fchrenden Hersteller in unserer Branche galt und gilt es viele H\u00fcrden zu \u00fcberwinden. Immer mit Blick auf das Wesentliche und in die Zukunft, mit Verstand und Bedacht sind wir vielen Kunden ein langj\u00e4hriger und vertrauensvoller Partner. Auch in Zukunft.<\/p><p>\u00a0<\/p><p><strong>SOZIALE VERANTWORTUNG<\/strong>\u00a0\/\/ Als Arbeitgeber in der Region tragen wir dazu bei, unsere Heimat lebens- und liebenswert zu gestalten. Durch eine langj\u00e4hrige Mitarbeiterbindung und als Unterst\u00fctzer verschiedener Kulturveranstaltungen und lokalen Vereinen m\u00f6chten wir den Menschen etwas zur\u00fcckgeben, die mit uns tagt\u00e4glich Gro\u00dfartiges leisten. Als Ausbildungsbetrieb bieten wir jungen Menschen sowie Fachkr\u00e4ften viele M\u00f6glichkeiten.<\/p><p><strong>INNOVATION <\/strong>\/\/ Fortschritt statt Stillstand. Durch unsere Unternehmensgr\u00f6\u00dfe haben wir eine gewisse Verantwortung, wenn es um das Etablieren von Innovationen geht.\u00a0<\/p>\t\t\t\t\t\t\t\t<\/div>\n\t\t\t\t<\/div>\n\t\t\t\t\t<\/div>\n\t\t\t\t<\/div>\n\t\t<div class=\"elementor-element elementor-element-12877216 e-con-full e-flex e-con e-parent\" data-id=\"12877216\" data-element_type=\"container\" data-e-type=\"container\" data-settings=\"{&quot;background_background&quot;:&quot;classic&quot;}\">\n\t\t<div class=\"elementor-element elementor-element-e8565d6 e-con-full e-flex e-con e-child\" data-id=\"e8565d6\" data-element_type=\"container\" data-e-type=\"container\" data-settings=\"{&quot;background_background&quot;:&quot;classic&quot;}\">\n\t\t\t\t<div class=\"elementor-element elementor-element-3e26f91 elementor-widget elementor-widget-image\" data-id=\"3e26f91\" data-element_type=\"widget\" data-e-type=\"widget\" data-widget_type=\"image.default\">\n\t\t\t\t<div class=\"elementor-widget-container\">\n\t\t\t\t\t\t\t\t\t\t\t\t\t\t\t<img fetchpriority=\"high\" decoding=\"async\" width=\"800\" height=\"747\" src=\"https:\/\/www.kraemer-druck.de\/wp-content\/uploads\/2024\/07\/FairnGreen_Wertschoepfungspartner-1024x956.png\" class=\"attachment-large size-large wp-image-3695 has-transparency\" alt=\"\" srcset=\"https:\/\/www.kraemer-druck.de\/wp-content\/uploads\/2024\/07\/FairnGreen_Wertschoepfungspartner-1024x956.png 1024w, https:\/\/www.kraemer-druck.de\/wp-content\/uploads\/2024\/07\/FairnGreen_Wertschoepfungspartner-300x280.png 300w, https:\/\/www.kraemer-druck.de\/wp-content\/uploads\/2024\/07\/FairnGreen_Wertschoepfungspartner-768x717.png 768w, https:\/\/www.kraemer-druck.de\/wp-content\/uploads\/2024\/07\/FairnGreen_Wertschoepfungspartner.png 1096w\" sizes=\"(max-width: 800px) 100vw, 800px\" data-has-transparency=\"true\" data-dominant-color=\"212413\" style=\"--dominant-color: #212413\" \/>\t\t\t\t\t\t\t\t\t\t\t\t\t\t\t<\/div>\n\t\t\t\t<\/div>\n\t\t\t\t<div class=\"elementor-element elementor-element-34d1c312 elementor-widget elementor-widget-heading\" data-id=\"34d1c312\" data-element_type=\"widget\" data-e-type=\"widget\" data-widget_type=\"heading.default\">\n\t\t\t\t<div class=\"elementor-widget-container\">\n\t\t\t\t\t<h3 class=\"elementor-heading-title elementor-size-default\">Fair'n Green Wertsch\u00f6pfungs&shy;partner<\/h3>\t\t\t\t<\/div>\n\t\t\t\t<\/div>\n\t\t\t\t<div class=\"elementor-element elementor-element-59a59214 elementor-widget elementor-widget-text-editor\" data-id=\"59a59214\" data-element_type=\"widget\" data-e-type=\"widget\" data-widget_type=\"text-editor.default\">\n\t\t\t\t<div class=\"elementor-widget-container\">\n\t\t\t\t\t\t\t\t\tFAIR\u2019N GREEN ist ein moderner und dynamischer Zertifizierungsstandard, der f\u00fcr den Weinbau entwickelt wurde. Das zugrunde liegende System umfasst neben den zentralen Umweltaspekten auch wirtschaftliche und soziale Themen.\n<br><br>\nErfahren Sie <a href=\"https:\/\/www.fairandgreen.com\/mitglied\/kraemer-druck\/\" target=\"_blank\" rel=\"noopener\" title=\"Weiterleitung zur Fair'n Green Partnerseite\">hier<\/a> mehr \u00fcber unsere <a href=\"https:\/\/www.fairandgreen.com\/mitglied\/kraemer-druck\/\" target=\"_blank\" rel=\"noopener\" title=\"Weiterleitung zur Fair'n Green Partnerseite\">Fair&#8217;n Green Wertsch\u00f6pfungsparter-Zertifizierung<\/a>.\t\t\t\t\t\t\t\t<\/div>\n\t\t\t\t<\/div>\n\t\t\t\t<\/div>\n\t\t<div class=\"elementor-element elementor-element-35ee05eb e-con-full e-flex e-con e-child\" data-id=\"35ee05eb\" data-element_type=\"container\" data-e-type=\"container\" data-settings=\"{&quot;background_background&quot;:&quot;classic&quot;,&quot;background_motion_fx_motion_fx_scrolling&quot;:&quot;yes&quot;,&quot;background_motion_fx_translateY_effect&quot;:&quot;yes&quot;,&quot;background_motion_fx_translateY_speed&quot;:{&quot;unit&quot;:&quot;px&quot;,&quot;size&quot;:1.4,&quot;sizes&quot;:[]},&quot;background_motion_fx_translateY_affectedRange&quot;:{&quot;unit&quot;:&quot;%&quot;,&quot;size&quot;:&quot;&quot;,&quot;sizes&quot;:{&quot;start&quot;:0,&quot;end&quot;:100}},&quot;background_motion_fx_devices&quot;:[&quot;desktop&quot;,&quot;tablet&quot;,&quot;mobile&quot;]}\">\n\t\t\t\t<\/div>\n\t\t\t\t<\/div>\n\t\t<div class=\"elementor-element elementor-element-835f76c e-con-full e-flex e-con e-parent\" data-id=\"835f76c\" data-element_type=\"container\" data-e-type=\"container\" data-settings=\"{&quot;background_background&quot;:&quot;classic&quot;}\">\n\t\t<div class=\"elementor-element elementor-element-a490de1 e-con-full e-flex e-con e-child\" data-id=\"a490de1\" data-element_type=\"container\" data-e-type=\"container\" data-settings=\"{&quot;background_background&quot;:&quot;classic&quot;,&quot;background_motion_fx_motion_fx_scrolling&quot;:&quot;yes&quot;,&quot;background_motion_fx_translateY_effect&quot;:&quot;yes&quot;,&quot;background_motion_fx_translateY_speed&quot;:{&quot;unit&quot;:&quot;px&quot;,&quot;size&quot;:1.4,&quot;sizes&quot;:[]},&quot;background_motion_fx_translateY_affectedRange&quot;:{&quot;unit&quot;:&quot;%&quot;,&quot;size&quot;:&quot;&quot;,&quot;sizes&quot;:{&quot;start&quot;:0,&quot;end&quot;:100}},&quot;background_motion_fx_devices&quot;:[&quot;desktop&quot;,&quot;tablet&quot;,&quot;mobile&quot;]}\">\n\t\t\t\t<\/div>\n\t\t<div class=\"elementor-element elementor-element-4fcc4b2 e-con-full e-flex e-con e-child\" data-id=\"4fcc4b2\" data-element_type=\"container\" data-e-type=\"container\" data-settings=\"{&quot;background_background&quot;:&quot;classic&quot;}\">\n\t\t\t\t<div class=\"elementor-element elementor-element-01e9113 elementor-widget elementor-widget-heading\" data-id=\"01e9113\" data-element_type=\"widget\" data-e-type=\"widget\" data-widget_type=\"heading.default\">\n\t\t\t\t<div class=\"elementor-widget-container\">\n\t\t\t\t\t<h3 class=\"elementor-heading-title elementor-size-default\">Ma\u00dfnahmen vor Ort<\/h3>\t\t\t\t<\/div>\n\t\t\t\t<\/div>\n\t\t\t\t<div class=\"elementor-element elementor-element-af5ac4f elementor-widget elementor-widget-text-editor\" data-id=\"af5ac4f\" data-element_type=\"widget\" data-e-type=\"widget\" data-widget_type=\"text-editor.default\">\n\t\t\t\t<div class=\"elementor-widget-container\">\n\t\t\t\t\t\t\t\t\t<p>Aktuell haben wir knapp 2.500 m\u00b2 Photovoltaikanlagen auf unseren Hallend\u00e4chern. Zudem nutzen wir die Abw\u00e4rme der Maschinen um unsere Geb\u00e4ude zu heizen. Kunden uns Mitarbeitenden stehen Ladestationen f\u00fcr E-Autos zur Verf\u00fcgung.<\/p><p>Im Produktionsalltag befassen wir uns unter anderem mit dem Materialeinsatz, der getrennten Erfassung von Produktionsresten und der Weitergabe geeigneter Materialien an Recyclingpartner.<\/p>\t\t\t\t\t\t\t\t<\/div>\n\t\t\t\t<\/div>\n\t\t\t\t<\/div>\n\t\t\t\t<\/div>\n\t\t<div class=\"elementor-element elementor-element-832902b e-con-full e-flex e-con e-parent\" data-id=\"832902b\" data-element_type=\"container\" data-e-type=\"container\" data-settings=\"{&quot;background_background&quot;:&quot;classic&quot;}\">\n\t\t<div class=\"elementor-element elementor-element-d7f67f1 e-con-full e-flex e-con e-child\" data-id=\"d7f67f1\" data-element_type=\"container\" data-e-type=\"container\" data-settings=\"{&quot;background_background&quot;:&quot;classic&quot;}\">\n\t\t\t\t<div class=\"elementor-element elementor-element-84431fa elementor-widget elementor-widget-image\" data-id=\"84431fa\" data-element_type=\"widget\" data-e-type=\"widget\" data-widget_type=\"image.default\">\n\t\t\t\t<div class=\"elementor-widget-container\">\n\t\t\t\t\t\t\t\t\t\t\t\t\t\t\t<img decoding=\"async\" width=\"767\" height=\"631\" src=\"https:\/\/www.kraemer-druck.de\/wp-content\/uploads\/2024\/07\/KD_Papier.png\" class=\"attachment-large size-large wp-image-3707 has-transparency\" alt=\"\" srcset=\"https:\/\/www.kraemer-druck.de\/wp-content\/uploads\/2024\/07\/KD_Papier.png 767w, https:\/\/www.kraemer-druck.de\/wp-content\/uploads\/2024\/07\/KD_Papier-300x247.png 300w\" sizes=\"(max-width: 767px) 100vw, 767px\" data-has-transparency=\"true\" data-dominant-color=\"989898\" style=\"--dominant-color: #989898\" \/>\t\t\t\t\t\t\t\t\t\t\t\t\t\t\t<\/div>\n\t\t\t\t<\/div>\n\t\t\t\t<div class=\"elementor-element elementor-element-6f4c487 elementor-widget elementor-widget-heading\" data-id=\"6f4c487\" data-element_type=\"widget\" data-e-type=\"widget\" data-widget_type=\"heading.default\">\n\t\t\t\t<div class=\"elementor-widget-container\">\n\t\t\t\t\t<h3 class=\"elementor-heading-title elementor-size-default\">Papier aus zertifiziert nachhaltigen Quellen<\/h3>\t\t\t\t<\/div>\n\t\t\t\t<\/div>\n\t\t\t\t<div class=\"elementor-element elementor-element-6d87730 elementor-widget elementor-widget-text-editor\" data-id=\"6d87730\" data-element_type=\"widget\" data-e-type=\"widget\" data-widget_type=\"text-editor.default\">\n\t\t\t\t<div class=\"elementor-widget-container\">\n\t\t\t\t\t\t\t\t\t<p>Kr\u00e4mer Druck ist seit 2013 nach den Standards von FSC und PEFC zertifiziert. Damit k\u00f6nnen wir bei entsprechendem Kundenauftrag Papiere verarbeiten und kennzeichnen, die die Anforderungen des jeweils gew\u00e4hlten Zertifizierungssystems erf\u00fcllen.<\/p><p>Unsere aktuellen Zertifikate und deren Geltungsbereiche finden Sie hier: <a href=\"https:\/\/www.kraemer-druck.de\/impressum\/\" target=\"_blank\" rel=\"noopener\">Zu unseren Zertifikaten<\/a><\/p><p>Bei Fragen zu unseren zertifizierten Papieren stehen wir Ihnen gerne zur Verf\u00fcgung: <a href=\"mailto:nachhaltigkeit@kraemer-druck.de\">nachhaltigkeit@kraemer-druck.de<\/a><\/p>\t\t\t\t\t\t\t\t<\/div>\n\t\t\t\t<\/div>\n\t\t\t\t<\/div>\n\t\t<div class=\"elementor-element elementor-element-4bcfc69 e-con-full e-flex e-con e-child\" data-id=\"4bcfc69\" data-element_type=\"container\" data-e-type=\"container\" data-settings=\"{&quot;background_background&quot;:&quot;classic&quot;,&quot;background_motion_fx_motion_fx_scrolling&quot;:&quot;yes&quot;,&quot;background_motion_fx_translateY_effect&quot;:&quot;yes&quot;,&quot;background_motion_fx_translateY_speed&quot;:{&quot;unit&quot;:&quot;px&quot;,&quot;size&quot;:1.4,&quot;sizes&quot;:[]},&quot;background_motion_fx_translateY_affectedRange&quot;:{&quot;unit&quot;:&quot;%&quot;,&quot;size&quot;:&quot;&quot;,&quot;sizes&quot;:{&quot;start&quot;:0,&quot;end&quot;:100}},&quot;background_motion_fx_devices&quot;:[&quot;desktop&quot;,&quot;tablet&quot;,&quot;mobile&quot;]}\">\n\t\t\t\t<\/div>\n\t\t\t\t<\/div>\n\t\t<div class=\"elementor-element elementor-element-0cf49d8 e-con-full e-flex e-con e-parent\" data-id=\"0cf49d8\" data-element_type=\"container\" data-e-type=\"container\" data-settings=\"{&quot;background_background&quot;:&quot;classic&quot;}\">\n\t\t<div class=\"elementor-element elementor-element-1ac5c5b e-con-full e-flex e-con e-child\" data-id=\"1ac5c5b\" data-element_type=\"container\" data-e-type=\"container\" data-settings=\"{&quot;background_background&quot;:&quot;classic&quot;,&quot;background_motion_fx_motion_fx_scrolling&quot;:&quot;yes&quot;,&quot;background_motion_fx_translateY_effect&quot;:&quot;yes&quot;,&quot;background_motion_fx_translateY_speed&quot;:{&quot;unit&quot;:&quot;px&quot;,&quot;size&quot;:1.4,&quot;sizes&quot;:[]},&quot;background_motion_fx_translateY_affectedRange&quot;:{&quot;unit&quot;:&quot;%&quot;,&quot;size&quot;:&quot;&quot;,&quot;sizes&quot;:{&quot;start&quot;:0,&quot;end&quot;:100}},&quot;background_motion_fx_devices&quot;:[&quot;desktop&quot;,&quot;tablet&quot;,&quot;mobile&quot;]}\">\n\t\t\t\t<\/div>\n\t\t<div class=\"elementor-element elementor-element-6491f51 e-con-full e-flex e-con e-child\" data-id=\"6491f51\" data-element_type=\"container\" data-e-type=\"container\" data-settings=\"{&quot;background_background&quot;:&quot;classic&quot;}\">\n\t\t\t\t<div class=\"elementor-element elementor-element-ddff456 elementor-widget elementor-widget-image\" data-id=\"ddff456\" data-element_type=\"widget\" data-e-type=\"widget\" data-widget_type=\"image.default\">\n\t\t\t\t<div class=\"elementor-widget-container\">\n\t\t\t\t\t\t\t\t\t\t\t\t\t\t\t<img decoding=\"async\" width=\"767\" height=\"322\" src=\"https:\/\/www.kraemer-druck.de\/wp-content\/uploads\/2024\/07\/Auszeichnungen_Moselhelden_und_Preis_fuer_Nachhaltigkeit_Rheinhessen_Papiertraegerbandrecycling.png\" class=\"attachment-large size-large wp-image-4141 has-transparency\" alt=\"Auszeichnungen Kr\u00e4mer Druck\" srcset=\"https:\/\/www.kraemer-druck.de\/wp-content\/uploads\/2024\/07\/Auszeichnungen_Moselhelden_und_Preis_fuer_Nachhaltigkeit_Rheinhessen_Papiertraegerbandrecycling.png 767w, https:\/\/www.kraemer-druck.de\/wp-content\/uploads\/2024\/07\/Auszeichnungen_Moselhelden_und_Preis_fuer_Nachhaltigkeit_Rheinhessen_Papiertraegerbandrecycling-300x126.png 300w\" sizes=\"(max-width: 767px) 100vw, 767px\" data-has-transparency=\"true\" data-dominant-color=\"363532\" style=\"--dominant-color: #363532\" \/>\t\t\t\t\t\t\t\t\t\t\t\t\t\t\t<\/div>\n\t\t\t\t<\/div>\n\t\t\t\t<div class=\"elementor-element elementor-element-aea2fc2 elementor-widget elementor-widget-heading\" data-id=\"aea2fc2\" data-element_type=\"widget\" data-e-type=\"widget\" data-widget_type=\"heading.default\">\n\t\t\t\t<div class=\"elementor-widget-container\">\n\t\t\t\t\t<h3 class=\"elementor-heading-title elementor-size-default\">Ausgezeichnet \u2013 Unser Papiertr\u00e4gerband&shy;recycling<\/h3>\t\t\t\t<\/div>\n\t\t\t\t<\/div>\n\t\t\t\t<div class=\"elementor-element elementor-element-6fd7263 elementor-widget elementor-widget-text-editor\" data-id=\"6fd7263\" data-element_type=\"widget\" data-e-type=\"widget\" data-widget_type=\"text-editor.default\">\n\t\t\t\t<div class=\"elementor-widget-container\">\n\t\t\t\t\t\t\t\t\t<p>Mit unserem Projekt \u201ePapiertr\u00e4gerbandrecycling\u201c konnten wir 2023 die Fachjury Rheinhessen \u00fcberzeugen und den Preis f\u00fcr Nachhaltigkeit in der offenen Kategorie f\u00fcr uns gewinnen. Auch die Jury der \u201eMoselhelden 2023\u201c war von Anfang an \u00fcberzeugt, dass unser Tr\u00e4gerbandrecycling ein Leuchtturmprojekt der Region darstellt. Durch praktische Recycling-L\u00f6sungen k\u00f6nnen wir so mit unseren Kunden gemeinsam Ressourcen schonen und den \u00f6kologischen Fu\u00dfabdruck minimieren.<\/p>\t\t\t\t\t\t\t\t<\/div>\n\t\t\t\t<\/div>\n\t\t\t\t<div class=\"elementor-element elementor-element-42b0686 elementor-align-center elementor-tablet-align-left elementor-widget elementor-widget-button\" data-id=\"42b0686\" data-element_type=\"widget\" data-e-type=\"widget\" data-widget_type=\"button.default\">\n\t\t\t\t<div class=\"elementor-widget-container\">\n\t\t\t\t\t\t\t\t\t<div class=\"elementor-button-wrapper\">\n\t\t\t\t\t<a class=\"elementor-button elementor-button-link elementor-size-sm elementor-animation-float\" href=\"https:\/\/www.kraemer-druck.de\/papiertraegerbandrecycling\/\">\n\t\t\t\t\t\t<span class=\"elementor-button-content-wrapper\">\n\t\t\t\t\t\t<span class=\"elementor-button-icon\">\n\t\t\t\t<svg xmlns=\"http:\/\/www.w3.org\/2000\/svg\" id=\"a\" width=\"32.11mm\" height=\"27.65mm\" viewBox=\"0 0 91.03 78.37\"><path d=\"M81.73,35.53c-2.05-2.12-4.08-4.27-6.16-6.35-7.86-7.88-15.74-15.74-23.62-23.61-.56-.56-1.38-1.04-1.58-1.71-.37-1.22-.36-2.56-.51-3.85,1.29.12,2.99-.23,3.8.45,2.79,2.36,5.27,5.09,7.86,7.68,9.17,9.16,18.29,18.39,27.55,27.46,2.51,2.46,2.67,4.28.08,6.83-11.67,11.49-23.15,23.15-34.83,34.62-.94.92-3.42,1.68-4.17,1.13-2.05-1.49-.6-3.16.77-4.53,9.35-9.35,18.71-18.71,28.04-28.08.97-.98,1.85-2.05,3.66-4.08-3.1,0-4.99,0-6.88,0-23.45,0-46.89.02-70.34-.04-2.03,0-5.29.99-5.4-2.19-.12-3.58,3.3-2.58,5.44-2.59,23.18-.06,46.37-.03,69.56-.03,2.06,0,4.13,0,6.19,0,.18-.37.36-.75.54-1.12Z\" fill=\"#fff\" stroke-width=\"0\"><\/path><\/svg>\t\t\t<\/span>\n\t\t\t\t\t\t\t\t\t<span class=\"elementor-button-text\">Mehr dazu<\/span>\n\t\t\t\t\t<\/span>\n\t\t\t\t\t<\/a>\n\t\t\t\t<\/div>\n\t\t\t\t\t\t\t\t<\/div>\n\t\t\t\t<\/div>\n\t\t\t\t<\/div>\n\t\t\t\t<\/div>\n\t\t<div class=\"elementor-element elementor-element-fc765f2 e-con-full e-flex e-con e-parent\" data-id=\"fc765f2\" data-element_type=\"container\" data-e-type=\"container\" data-settings=\"{&quot;background_background&quot;:&quot;classic&quot;}\">\n\t\t<div class=\"elementor-element elementor-element-ed551a9 e-con-full e-flex e-con e-child\" data-id=\"ed551a9\" data-element_type=\"container\" data-e-type=\"container\" data-settings=\"{&quot;background_background&quot;:&quot;classic&quot;}\">\n\t\t\t\t<div class=\"elementor-element elementor-element-b6c84b1 elementor-widget elementor-widget-heading\" data-id=\"b6c84b1\" data-element_type=\"widget\" data-e-type=\"widget\" data-widget_type=\"heading.default\">\n\t\t\t\t<div class=\"elementor-widget-container\">\n\t\t\t\t\t<h3 class=\"elementor-heading-title elementor-size-default\">B\u00e4ume f\u00fcr den regionalen Zukunftswald<\/h3>\t\t\t\t<\/div>\n\t\t\t\t<\/div>\n\t\t\t\t<div class=\"elementor-element elementor-element-0b15b6d elementor-widget elementor-widget-text-editor\" data-id=\"0b15b6d\" data-element_type=\"widget\" data-e-type=\"widget\" data-widget_type=\"text-editor.default\">\n\t\t\t\t<div class=\"elementor-widget-container\">\n\t\t\t\t\t\t\t\t\t<p>2023 haben wir damit begonnen klimaresistente B\u00e4ume im regionalen Wald zu pflanzen. W\u00e4lder sind f\u00fcr unser Klima und f\u00fcr eine lebenswerte Heimat elementar wichtig. Gemeinsam mit dem \u00f6rtlichen Forstamt haben wir uns f\u00fcr Qualit\u00e4t statt Masse entschieden und so den Grundstein f\u00fcr ein Projekt gelegt, das wir in Zukunft gerne weiter ausbauen m\u00f6chten.<\/p>\t\t\t\t\t\t\t\t<\/div>\n\t\t\t\t<\/div>\n\t\t\t\t<div class=\"elementor-element elementor-element-cb04976 elementor-align-center elementor-tablet-align-left elementor-widget elementor-widget-button\" data-id=\"cb04976\" data-element_type=\"widget\" data-e-type=\"widget\" data-widget_type=\"button.default\">\n\t\t\t\t<div class=\"elementor-widget-container\">\n\t\t\t\t\t\t\t\t\t<div class=\"elementor-button-wrapper\">\n\t\t\t\t\t<a class=\"elementor-button elementor-button-link elementor-size-sm elementor-animation-float\" href=\"https:\/\/www.kraemer-druck.de\/kraemer-druck-unterstuetzt-regionale-aufforstungsinitiative\/\">\n\t\t\t\t\t\t<span class=\"elementor-button-content-wrapper\">\n\t\t\t\t\t\t<span class=\"elementor-button-icon\">\n\t\t\t\t<svg xmlns=\"http:\/\/www.w3.org\/2000\/svg\" id=\"a\" width=\"32.11mm\" height=\"27.65mm\" viewBox=\"0 0 91.03 78.37\"><path d=\"M81.73,35.53c-2.05-2.12-4.08-4.27-6.16-6.35-7.86-7.88-15.74-15.74-23.62-23.61-.56-.56-1.38-1.04-1.58-1.71-.37-1.22-.36-2.56-.51-3.85,1.29.12,2.99-.23,3.8.45,2.79,2.36,5.27,5.09,7.86,7.68,9.17,9.16,18.29,18.39,27.55,27.46,2.51,2.46,2.67,4.28.08,6.83-11.67,11.49-23.15,23.15-34.83,34.62-.94.92-3.42,1.68-4.17,1.13-2.05-1.49-.6-3.16.77-4.53,9.35-9.35,18.71-18.71,28.04-28.08.97-.98,1.85-2.05,3.66-4.08-3.1,0-4.99,0-6.88,0-23.45,0-46.89.02-70.34-.04-2.03,0-5.29.99-5.4-2.19-.12-3.58,3.3-2.58,5.44-2.59,23.18-.06,46.37-.03,69.56-.03,2.06,0,4.13,0,6.19,0,.18-.37.36-.75.54-1.12Z\" fill=\"#fff\" stroke-width=\"0\"><\/path><\/svg>\t\t\t<\/span>\n\t\t\t\t\t\t\t\t\t<span class=\"elementor-button-text\">Mehr dazu<\/span>\n\t\t\t\t\t<\/span>\n\t\t\t\t\t<\/a>\n\t\t\t\t<\/div>\n\t\t\t\t\t\t\t\t<\/div>\n\t\t\t\t<\/div>\n\t\t\t\t<\/div>\n\t\t<div class=\"elementor-element elementor-element-9ce7dc4 e-con-full e-flex e-con e-child\" data-id=\"9ce7dc4\" data-element_type=\"container\" data-e-type=\"container\" data-settings=\"{&quot;background_background&quot;:&quot;classic&quot;,&quot;background_motion_fx_motion_fx_scrolling&quot;:&quot;yes&quot;,&quot;background_motion_fx_translateY_effect&quot;:&quot;yes&quot;,&quot;background_motion_fx_translateY_speed&quot;:{&quot;unit&quot;:&quot;px&quot;,&quot;size&quot;:1.4,&quot;sizes&quot;:[]},&quot;background_motion_fx_translateY_affectedRange&quot;:{&quot;unit&quot;:&quot;%&quot;,&quot;size&quot;:&quot;&quot;,&quot;sizes&quot;:{&quot;start&quot;:0,&quot;end&quot;:100}},&quot;background_motion_fx_devices&quot;:[&quot;desktop&quot;,&quot;tablet&quot;,&quot;mobile&quot;]}\">\n\t\t\t\t<\/div>\n\t\t\t\t<\/div>\n\t\t\t\t<\/div>\n\t\t","protected":false},"excerpt":{"rendered":"<p>Nachhaltigkeit bei Kr\u00e4mer Druck \u00d6KOLOGIE \/\/ Neben dem Ressourcenverbrauch ist der Energieverbrauch einer der gr\u00f6\u00dften Emissionsfaktoren unseres Unternehmens. Wir \u00fcberpr\u00fcfen unseren Produktionsprozess und die Wertsch\u00f6pfungsketten stetig auf Verbesserungs- und Einsparpotenzial. Dazu z\u00e4hlen auch unsere FSC- und PEFC-zertifizierten Papiere. Weitere Infos zu unseren zertifizierten Papieren finden Sie weiter unten auf dieser Seite. WIRTSCHAFTLICHE STABILIT\u00c4T \/\/ Von [&hellip;]<\/p>\n","protected":false},"author":1,"featured_media":4210,"parent":0,"menu_order":0,"comment_status":"closed","ping_status":"closed","template":"","meta":{"footnotes":""},"class_list":["post-3516","page","type-page","status-publish","has-post-thumbnail","hentry"],"yoast_head":"<!-- This site is optimized with the Yoast SEO plugin v28.3 - https:\/\/yoast.com\/product\/yoast-seo-wordpress\/ -->\n<title>Nachhaltigkeit | Kr\u00e4mer Druck \u2013\u00a0Etikettendruckerei an der Mosel<\/title>\n<meta name=\"description\" content=\"Nachhaltigkeit wird bei Kr\u00e4mer Druck gro\u00df geschrieben. Erfahren Sie, wie wir durch Zertifikate und Projekte verantwortungsvoll handeln.\" \/>\n<meta name=\"robots\" content=\"index, follow, max-snippet:-1, max-image-preview:large, max-video-preview:-1\" \/>\n<link rel=\"canonical\" href=\"https:\/\/www.kraemer-druck.de\/en\/nachhaltigkeit\/\" \/>\n<meta property=\"og:locale\" content=\"en_GB\" \/>\n<meta property=\"og:type\" content=\"article\" \/>\n<meta property=\"og:title\" content=\"Nachhaltigkeit | Kr\u00e4mer Druck \u2013\u00a0Etikettendruckerei an der Mosel\" \/>\n<meta property=\"og:description\" content=\"Nachhaltigkeit wird bei Kr\u00e4mer Druck gro\u00df geschrieben. Erfahren Sie, wie wir durch Zertifikate und Projekte verantwortungsvoll handeln.\" \/>\n<meta property=\"og:url\" content=\"https:\/\/www.kraemer-druck.de\/en\/nachhaltigkeit\/\" \/>\n<meta property=\"og:site_name\" content=\"Kr\u00e4mer Druck \u2013\u00a0Etikettendruckerei an der Mosel\" \/>\n<meta property=\"article:publisher\" content=\"https:\/\/www.facebook.com\/KraemerDruck\" \/>\n<meta property=\"article:modified_time\" content=\"2026-08-20T09:49:12+00:00\" \/>\n<meta property=\"og:image\" content=\"https:\/\/www.kraemer-druck.de\/wp-content\/uploads\/2024\/07\/KraemerDruck_Nachhaltigkeit-1-jpg.webp\" \/>\n\t<meta property=\"og:image:width\" content=\"1920\" \/>\n\t<meta property=\"og:image:height\" content=\"1080\" \/>\n\t<meta property=\"og:image:type\" content=\"image\/jpeg\" \/>\n<meta name=\"twitter:card\" content=\"summary_large_image\" \/>\n<meta name=\"twitter:label1\" content=\"Estimated reading time\" \/>\n\t<meta name=\"twitter:data1\" content=\"4 minutes\" \/>\n<script type=\"application\/ld+json\" class=\"yoast-schema-graph\">{\"@context\":\"https:\\\/\\\/schema.org\",\"@graph\":[{\"@type\":\"WebPage\",\"@id\":\"https:\\\/\\\/www.kraemer-druck.de\\\/nachhaltigkeit\\\/\",\"url\":\"https:\\\/\\\/www.kraemer-druck.de\\\/nachhaltigkeit\\\/\",\"name\":\"Nachhaltigkeit | Kr\u00e4mer Druck \u2013\u00a0Etikettendruckerei an der Mosel\",\"isPartOf\":{\"@id\":\"https:\\\/\\\/www.kraemer-druck.de\\\/#website\"},\"primaryImageOfPage\":{\"@id\":\"https:\\\/\\\/www.kraemer-druck.de\\\/nachhaltigkeit\\\/#primaryimage\"},\"image\":{\"@id\":\"https:\\\/\\\/www.kraemer-druck.de\\\/nachhaltigkeit\\\/#primaryimage\"},\"thumbnailUrl\":\"https:\\\/\\\/www.kraemer-druck.de\\\/wp-content\\\/uploads\\\/2024\\\/07\\\/KraemerDruck_Nachhaltigkeit-1-jpg.webp\",\"datePublished\":\"2024-07-19T11:52:53+00:00\",\"dateModified\":\"2026-08-20T09:49:12+00:00\",\"description\":\"Nachhaltigkeit wird bei Kr\u00e4mer Druck gro\u00df geschrieben. Erfahren Sie, wie wir durch Zertifikate und Projekte verantwortungsvoll handeln.\",\"breadcrumb\":{\"@id\":\"https:\\\/\\\/www.kraemer-druck.de\\\/nachhaltigkeit\\\/#breadcrumb\"},\"inLanguage\":\"en-GB\",\"potentialAction\":[{\"@type\":\"ReadAction\",\"target\":[\"https:\\\/\\\/www.kraemer-druck.de\\\/nachhaltigkeit\\\/\"]}]},{\"@type\":\"ImageObject\",\"inLanguage\":\"en-GB\",\"@id\":\"https:\\\/\\\/www.kraemer-druck.de\\\/nachhaltigkeit\\\/#primaryimage\",\"url\":\"https:\\\/\\\/www.kraemer-druck.de\\\/wp-content\\\/uploads\\\/2024\\\/07\\\/KraemerDruck_Nachhaltigkeit-1-jpg.webp\",\"contentUrl\":\"https:\\\/\\\/www.kraemer-druck.de\\\/wp-content\\\/uploads\\\/2024\\\/07\\\/KraemerDruck_Nachhaltigkeit-1-jpg.webp\",\"width\":1920,\"height\":1080},{\"@type\":\"BreadcrumbList\",\"@id\":\"https:\\\/\\\/www.kraemer-druck.de\\\/nachhaltigkeit\\\/#breadcrumb\",\"itemListElement\":[{\"@type\":\"ListItem\",\"position\":1,\"name\":\"Startseite\",\"item\":\"https:\\\/\\\/www.kraemer-druck.de\\\/\"},{\"@type\":\"ListItem\",\"position\":2,\"name\":\"Nachhaltigkeit\"}]},{\"@type\":\"WebSite\",\"@id\":\"https:\\\/\\\/www.kraemer-druck.de\\\/#website\",\"url\":\"https:\\\/\\\/www.kraemer-druck.de\\\/\",\"name\":\"Etikettendruckerei Kr\u00e4mer Druck\",\"description\":\"Etiketten f\u00fcr die Wein-, Sekt- und Spirituosenbranche\",\"publisher\":{\"@id\":\"https:\\\/\\\/www.kraemer-druck.de\\\/#organization\"},\"alternateName\":\"Etikettendruckerei\",\"potentialAction\":[{\"@type\":\"SearchAction\",\"target\":{\"@type\":\"EntryPoint\",\"urlTemplate\":\"https:\\\/\\\/www.kraemer-druck.de\\\/?s={search_term_string}\"},\"query-input\":{\"@type\":\"PropertyValueSpecification\",\"valueRequired\":true,\"valueName\":\"search_term_string\"}}],\"inLanguage\":\"en-GB\"},{\"@type\":\"Organization\",\"@id\":\"https:\\\/\\\/www.kraemer-druck.de\\\/#organization\",\"name\":\"Kr\u00e4mer Druck \u2013\u00a0Etikettendruckerei an der Mosel\",\"alternateName\":\"Kr\u00e4mer Druck GmbH\",\"url\":\"https:\\\/\\\/www.kraemer-druck.de\\\/\",\"logo\":{\"@type\":\"ImageObject\",\"inLanguage\":\"en-GB\",\"@id\":\"https:\\\/\\\/www.kraemer-druck.de\\\/#\\\/schema\\\/logo\\\/image\\\/\",\"url\":\"https:\\\/\\\/www.kraemer-druck.de\\\/wp-content\\\/uploads\\\/2023\\\/08\\\/Logo_.png\",\"contentUrl\":\"https:\\\/\\\/www.kraemer-druck.de\\\/wp-content\\\/uploads\\\/2023\\\/08\\\/Logo_.png\",\"width\":3175,\"height\":730,\"caption\":\"Kr\u00e4mer Druck \u2013\u00a0Etikettendruckerei an der Mosel\"},\"image\":{\"@id\":\"https:\\\/\\\/www.kraemer-druck.de\\\/#\\\/schema\\\/logo\\\/image\\\/\"},\"sameAs\":[\"https:\\\/\\\/www.facebook.com\\\/KraemerDruck\",\"https:\\\/\\\/www.instagram.com\\\/kraemer_druck\",\"https:\\\/\\\/www.youtube.com\\\/@kraemerdruck\",\"https:\\\/\\\/www.linkedin.com\\\/company\\\/kraemerdruck\\\/\"]}]}<\/script>\n<!-- \/ Yoast SEO plugin. -->","yoast_head_json":{"title":"Nachhaltigkeit | Kr\u00e4mer Druck \u2013\u00a0Etikettendruckerei an der Mosel","description":"Nachhaltigkeit wird bei Kr\u00e4mer Druck gro\u00df geschrieben. Erfahren Sie, wie wir durch Zertifikate und Projekte verantwortungsvoll handeln.","robots":{"index":"index","follow":"follow","max-snippet":"max-snippet:-1","max-image-preview":"max-image-preview:large","max-video-preview":"max-video-preview:-1"},"canonical":"https:\/\/www.kraemer-druck.de\/en\/nachhaltigkeit\/","og_locale":"en_GB","og_type":"article","og_title":"Nachhaltigkeit | Kr\u00e4mer Druck \u2013\u00a0Etikettendruckerei an der Mosel","og_description":"Nachhaltigkeit wird bei Kr\u00e4mer Druck gro\u00df geschrieben. Erfahren Sie, wie wir durch Zertifikate und Projekte verantwortungsvoll handeln.","og_url":"https:\/\/www.kraemer-druck.de\/en\/nachhaltigkeit\/","og_site_name":"Kr\u00e4mer Druck \u2013\u00a0Etikettendruckerei an der Mosel","article_publisher":"https:\/\/www.facebook.com\/KraemerDruck","article_modified_time":"2026-08-20T09:49:12+00:00","og_image":[{"width":1920,"height":1080,"url":"https:\/\/www.kraemer-druck.de\/wp-content\/uploads\/2024\/07\/KraemerDruck_Nachhaltigkeit-1-jpg.webp","type":"image\/jpeg"}],"twitter_card":"summary_large_image","twitter_misc":{"Estimated reading time":"4 minutes"},"schema":{"@context":"https:\/\/schema.org","@graph":[{"@type":"WebPage","@id":"https:\/\/www.kraemer-druck.de\/nachhaltigkeit\/","url":"https:\/\/www.kraemer-druck.de\/nachhaltigkeit\/","name":"Nachhaltigkeit | Kr\u00e4mer Druck \u2013\u00a0Etikettendruckerei an der Mosel","isPartOf":{"@id":"https:\/\/www.kraemer-druck.de\/#website"},"primaryImageOfPage":{"@id":"https:\/\/www.kraemer-druck.de\/nachhaltigkeit\/#primaryimage"},"image":{"@id":"https:\/\/www.kraemer-druck.de\/nachhaltigkeit\/#primaryimage"},"thumbnailUrl":"https:\/\/www.kraemer-druck.de\/wp-content\/uploads\/2024\/07\/KraemerDruck_Nachhaltigkeit-1-jpg.webp","datePublished":"2024-07-19T11:52:53+00:00","dateModified":"2026-08-20T09:49:12+00:00","description":"Nachhaltigkeit wird bei Kr\u00e4mer Druck gro\u00df geschrieben. Erfahren Sie, wie wir durch Zertifikate und Projekte verantwortungsvoll handeln.","breadcrumb":{"@id":"https:\/\/www.kraemer-druck.de\/nachhaltigkeit\/#breadcrumb"},"inLanguage":"en-GB","potentialAction":[{"@type":"ReadAction","target":["https:\/\/www.kraemer-druck.de\/nachhaltigkeit\/"]}]},{"@type":"ImageObject","inLanguage":"en-GB","@id":"https:\/\/www.kraemer-druck.de\/nachhaltigkeit\/#primaryimage","url":"https:\/\/www.kraemer-druck.de\/wp-content\/uploads\/2024\/07\/KraemerDruck_Nachhaltigkeit-1-jpg.webp","contentUrl":"https:\/\/www.kraemer-druck.de\/wp-content\/uploads\/2024\/07\/KraemerDruck_Nachhaltigkeit-1-jpg.webp","width":1920,"height":1080},{"@type":"BreadcrumbList","@id":"https:\/\/www.kraemer-druck.de\/nachhaltigkeit\/#breadcrumb","itemListElement":[{"@type":"ListItem","position":1,"name":"Startseite","item":"https:\/\/www.kraemer-druck.de\/"},{"@type":"ListItem","position":2,"name":"Nachhaltigkeit"}]},{"@type":"WebSite","@id":"https:\/\/www.kraemer-druck.de\/#website","url":"https:\/\/www.kraemer-druck.de\/","name":"Etikettendruckerei Kr\u00e4mer Druck","description":"Etiketten f\u00fcr die Wein-, Sekt- und Spirituosenbranche","publisher":{"@id":"https:\/\/www.kraemer-druck.de\/#organization"},"alternateName":"Etikettendruckerei","potentialAction":[{"@type":"SearchAction","target":{"@type":"EntryPoint","urlTemplate":"https:\/\/www.kraemer-druck.de\/?s={search_term_string}"},"query-input":{"@type":"PropertyValueSpecification","valueRequired":true,"valueName":"search_term_string"}}],"inLanguage":"en-GB"},{"@type":"Organization","@id":"https:\/\/www.kraemer-druck.de\/#organization","name":"Kr\u00e4mer Druck \u2013\u00a0Etikettendruckerei an der Mosel","alternateName":"Kr\u00e4mer Druck GmbH","url":"https:\/\/www.kraemer-druck.de\/","logo":{"@type":"ImageObject","inLanguage":"en-GB","@id":"https:\/\/www.kraemer-druck.de\/#\/schema\/logo\/image\/","url":"https:\/\/www.kraemer-druck.de\/wp-content\/uploads\/2023\/08\/Logo_.png","contentUrl":"https:\/\/www.kraemer-druck.de\/wp-content\/uploads\/2023\/08\/Logo_.png","width":3175,"height":730,"caption":"Kr\u00e4mer Druck \u2013\u00a0Etikettendruckerei an der Mosel"},"image":{"@id":"https:\/\/www.kraemer-druck.de\/#\/schema\/logo\/image\/"},"sameAs":["https:\/\/www.facebook.com\/KraemerDruck","https:\/\/www.instagram.com\/kraemer_druck","https:\/\/www.youtube.com\/@kraemerdruck","https:\/\/www.linkedin.com\/company\/kraemerdruck\/"]}]}},"_links":{"self":[{"href":"https:\/\/www.kraemer-druck.de\/en\/wp-json\/wp\/v2\/pages\/3516","targetHints":{"allow":["GET"]}}],"collection":[{"href":"https:\/\/www.kraemer-druck.de\/en\/wp-json\/wp\/v2\/pages"}],"about":[{"href":"https:\/\/www.kraemer-druck.de\/en\/wp-json\/wp\/v2\/types\/page"}],"author":[{"embeddable":true,"href":"https:\/\/www.kraemer-druck.de\/en\/wp-json\/wp\/v2\/users\/1"}],"replies":[{"embeddable":true,"href":"https:\/\/www.kraemer-druck.de\/en\/wp-json\/wp\/v2\/comments?post=3516"}],"version-history":[{"count":154,"href":"https:\/\/www.kraemer-druck.de\/en\/wp-json\/wp\/v2\/pages\/3516\/revisions"}],"predecessor-version":[{"id":8098,"href":"https:\/\/www.kraemer-druck.de\/en\/wp-json\/wp\/v2\/pages\/3516\/revisions\/8098"}],"wp:featuredmedia":[{"embeddable":true,"href":"https:\/\/www.kraemer-druck.de\/en\/wp-json\/wp\/v2\/media\/4210"}],"wp:attachment":[{"href":"https:\/\/www.kraemer-druck.de\/en\/wp-json\/wp\/v2\/media?parent=3516"}],"curies":[{"name":"wp","href":"https:\/\/api.w.org\/{rel}","templated":true}]}}